{"id":3055,"date":"2023-11-27T12:25:14","date_gmt":"2023-11-27T11:25:14","guid":{"rendered":"https:\/\/bachcollegiumbarcelona.com\/auditions\/"},"modified":"2023-11-27T12:25:25","modified_gmt":"2023-11-27T11:25:25","slug":"auditions","status":"publish","type":"page","link":"https:\/\/bachcollegiumbarcelona.com\/en\/auditions\/","title":{"rendered":"Auditions"},"content":{"rendered":"\t\t<div data-elementor-type=\"wp-page\" data-elementor-id=\"3055\" class=\"elementor elementor-3055 elementor-334\" data-elementor-post-type=\"page\">\n\t\t\t\t\t\t<section class=\"elementor-section elementor-top-section elementor-element elementor-element-9985811 elementor-section-content-middle elementor-section-boxed elementor-section-height-default elementor-section-height-default\" data-id=\"9985811\" data-element_type=\"section\">\n\t\t\t\t\t\t<div class=\"elementor-container elementor-column-gap-no\">\n\t\t\t\t\t<div class=\"elementor-column elementor-col-50 elementor-top-column elementor-element elementor-element-7380e381\" data-id=\"7380e381\" data-element_type=\"column\">\n\t\t\t<div class=\"elementor-widget-wrap elementor-element-populated\">\n\t\t\t\t\t\t<div class=\"elementor-element elementor-element-1d1f7ee elementor-widget elementor-widget-heading\" data-id=\"1d1f7ee\" data-element_type=\"widget\" data-widget_type=\"heading.default\">\n\t\t\t\t<div class=\"elementor-widget-container\">\n\t\t\t\t\t<h1 class=\"elementor-heading-title elementor-size-default\">Convocat\u00f2ria d'audicions<\/h1>\t\t\t\t<\/div>\n\t\t\t\t<\/div>\n\t\t\t\t<div class=\"elementor-element elementor-element-3d44a37 elementor-widget elementor-widget-heading\" data-id=\"3d44a37\" data-element_type=\"widget\" data-widget_type=\"heading.default\">\n\t\t\t\t<div class=\"elementor-widget-container\">\n\t\t\t\t\t<h1 class=\"elementor-heading-title elementor-size-default\">Bach Collegium Barcelona<\/h1>\t\t\t\t<\/div>\n\t\t\t\t<\/div>\n\t\t\t\t<section class=\"elementor-section elementor-inner-section elementor-element elementor-element-fd65977 elementor-hidden-desktop elementor-section-boxed elementor-section-height-default elementor-section-height-default\" data-id=\"fd65977\" data-element_type=\"section\">\n\t\t\t\t\t\t<div class=\"elementor-container elementor-column-gap-default\">\n\t\t\t\t\t<div class=\"elementor-column elementor-col-100 elementor-inner-column elementor-element elementor-element-9876196\" data-id=\"9876196\" data-element_type=\"column\">\n\t\t\t<div class=\"elementor-widget-wrap elementor-element-populated\">\n\t\t\t\t\t\t<div class=\"elementor-element elementor-element-5ce75c7 elementor-widget elementor-widget-heading\" data-id=\"5ce75c7\" data-element_type=\"widget\" data-widget_type=\"heading.default\">\n\t\t\t\t<div class=\"elementor-widget-container\">\n\t\t\t\t\t<h2 class=\"elementor-heading-title elementor-size-default\">Properes audicions<\/h2>\t\t\t\t<\/div>\n\t\t\t\t<\/div>\n\t\t\t\t<div class=\"elementor-element elementor-element-5a0a45d elementor-align-center elementor-mobile-align-center elementor-tablet-align-center elementor-icon-list--layout-traditional elementor-list-item-link-full_width elementor-widget elementor-widget-icon-list\" data-id=\"5a0a45d\" data-element_type=\"widget\" data-widget_type=\"icon-list.default\">\n\t\t\t\t<div class=\"elementor-widget-container\">\n\t\t\t\t\t\t\t<ul class=\"elementor-icon-list-items\">\n\t\t\t\t\t\t\t<li class=\"elementor-icon-list-item\">\n\t\t\t\t\t\t\t\t\t\t\t<span class=\"elementor-icon-list-icon\">\n\t\t\t\t\t\t\t<i aria-hidden=\"true\" class=\"far fa-calendar-alt\"><\/i>\t\t\t\t\t\t<\/span>\n\t\t\t\t\t\t\t\t\t\t<span class=\"elementor-icon-list-text\">Pr\u00f2ximament<\/span>\n\t\t\t\t\t\t\t\t\t<\/li>\n\t\t\t\t\t\t<\/ul>\n\t\t\t\t\t\t<\/div>\n\t\t\t\t<\/div>\n\t\t\t\t<div class=\"elementor-element elementor-element-f3b0cab elementor-widget elementor-widget-heading\" data-id=\"f3b0cab\" data-element_type=\"widget\" data-widget_type=\"heading.default\">\n\t\t\t\t<div class=\"elementor-widget-container\">\n\t\t\t\t\t<h2 class=\"elementor-heading-title elementor-size-default\">Per\u00edode d'inscripci\u00f3 online<\/h2>\t\t\t\t<\/div>\n\t\t\t\t<\/div>\n\t\t\t\t<div class=\"elementor-element elementor-element-81e6b05 elementor-align-center elementor-mobile-align-center elementor-tablet-align-center elementor-icon-list--layout-traditional elementor-list-item-link-full_width elementor-widget elementor-widget-icon-list\" data-id=\"81e6b05\" data-element_type=\"widget\" data-widget_type=\"icon-list.default\">\n\t\t\t\t<div class=\"elementor-widget-container\">\n\t\t\t\t\t\t\t<ul class=\"elementor-icon-list-items\">\n\t\t\t\t\t\t\t<li class=\"elementor-icon-list-item\">\n\t\t\t\t\t\t\t\t\t\t\t<span class=\"elementor-icon-list-icon\">\n\t\t\t\t\t\t\t<i aria-hidden=\"true\" class=\"far fa-calendar-alt\"><\/i>\t\t\t\t\t\t<\/span>\n\t\t\t\t\t\t\t\t\t\t<span class=\"elementor-icon-list-text\">Pr\u00f2ximament<\/span>\n\t\t\t\t\t\t\t\t\t<\/li>\n\t\t\t\t\t\t<\/ul>\n\t\t\t\t\t\t<\/div>\n\t\t\t\t<\/div>\n\t\t\t\t<div class=\"elementor-element elementor-element-063682e elementor-align-center elementor-mobile-align-center elementor-widget elementor-widget-button\" data-id=\"063682e\" data-element_type=\"widget\" data-widget_type=\"button.default\">\n\t\t\t\t<div class=\"elementor-widget-container\">\n\t\t\t\t\t\t\t\t\t<div class=\"elementor-button-wrapper\">\n\t\t\t\t\t<a class=\"elementor-button elementor-size-sm\" role=\"button\">\n\t\t\t\t\t\t<span class=\"elementor-button-content-wrapper\">\n\t\t\t\t\t\t\t\t\t<span class=\"elementor-button-text\">Pr\u00f2ximament disponible<\/span>\n\t\t\t\t\t<\/span>\n\t\t\t\t\t<\/a>\n\t\t\t\t<\/div>\n\t\t\t\t\t\t\t\t<\/div>\n\t\t\t\t<\/div>\n\t\t\t\t\t<\/div>\n\t\t<\/div>\n\t\t\t\t\t<\/div>\n\t\t<\/section>\n\t\t\t\t<div class=\"elementor-element elementor-element-5a1ea730 elementor-widget elementor-widget-text-editor\" data-id=\"5a1ea730\" data-element_type=\"widget\" data-widget_type=\"text-editor.default\">\n\t\t\t\t<div class=\"elementor-widget-container\">\n\t\t\t\t\t\t\t\t\t<p>L\u2019objectiu d\u2019aquestes audicions \u00e9s seleccionar noves veus per la borsa de cantants i solistes del Bach Collegium Barcelona.<\/p>\n\t\t\t\t\t\t\t\t<\/div>\n\t\t\t\t<\/div>\n\t\t\t\t<div class=\"elementor-element elementor-element-8287ec9 elementor-widget elementor-widget-accordion\" data-id=\"8287ec9\" data-element_type=\"widget\" data-widget_type=\"accordion.default\">\n\t\t\t\t<div class=\"elementor-widget-container\">\n\t\t\t\t\t\t\t<div class=\"elementor-accordion\">\n\t\t\t\t\t\t\t<div class=\"elementor-accordion-item\">\n\t\t\t\t\t<div id=\"elementor-tab-title-1361\" class=\"elementor-tab-title\" data-tab=\"1\" role=\"button\" aria-controls=\"elementor-tab-content-1361\" aria-expanded=\"false\">\n\t\t\t\t\t\t\t\t\t\t\t\t\t<span class=\"elementor-accordion-icon elementor-accordion-icon-left\" aria-hidden=\"true\">\n\t\t\t\t\t\t\t\t\t\t\t\t\t\t\t<span class=\"elementor-accordion-icon-closed\"><i class=\"fas fa-plus\"><\/i><\/span>\n\t\t\t\t\t\t\t\t<span class=\"elementor-accordion-icon-opened\"><i class=\"fas fa-minus\"><\/i><\/span>\n\t\t\t\t\t\t\t\t\t\t\t\t\t\t<\/span>\n\t\t\t\t\t\t\t\t\t\t\t\t<a class=\"elementor-accordion-title\" tabindex=\"0\">Informaci\u00f3 sobre la convocat\u00f2ria<\/a>\n\t\t\t\t\t<\/div>\n\t\t\t\t\t<div id=\"elementor-tab-content-1361\" class=\"elementor-tab-content elementor-clearfix\" data-tab=\"1\" role=\"region\" aria-labelledby=\"elementor-tab-title-1361\"><p>Des de <strong>Bach Collegium Barcelona<\/strong> tenim la voluntat d\u2019audicionar regularment cantants d\u2019entre 18 i 60 anys que vulguin formar part de la plantilla del nostre cor.<\/p>\n<p><b>Totes les produccions de BCB s\u00f3n professionals i remunerades<\/b>. En cadascuna de les produccions que proposem, la plantilla de cantats \u00e9s flexible, incorporant un nombre determinat de cantants en funci\u00f3 de les caracter\u00edstiques de l\u2019obra, l\u2019espai, i la voluntat art\u00edstica de la producci\u00f3. D\u2019aquesta manera, la nostra plantilla no \u00e9s tancada, sin\u00f3 que s\u2019adapta a tot tipus de produccions.<\/p>\n<p>Un dels trets identificatius del Bach Collegium Barcelona \u00e9s el fet que <b>els solistes no son externs al cor, sin\u00f3 que en formen part, i assumeixen les \u00e0ries i intervencions solistes que requereixin les obres interpretades<\/b>. Aquest plantejament fa que en un sol concert hi puguin tenir pres\u00e8ncia un nombre de solistes m\u00e9s elevat de l\u2019habitual.<\/p>\n<p><b>Per\u00edode d\u2019inscripci\u00f3 online<\/b>: Pr\u00f2ximament<br \/><b><br \/>Audicions presencials<\/b>: Pr\u00f2ximament<\/p>\n<p><b>En els dies posteriors al tancament del per\u00edode d\u2019inscripci\u00f3 online, es contactar\u00e0 els candidats i candidates per comunicar-los si han passat a la segona fase presencial de l\u2019audici\u00f3<\/b>.<\/p>\n<\/div>\n\t\t\t\t<\/div>\n\t\t\t\t\t\t\t<div class=\"elementor-accordion-item\">\n\t\t\t\t\t<div id=\"elementor-tab-title-1362\" class=\"elementor-tab-title\" data-tab=\"2\" role=\"button\" aria-controls=\"elementor-tab-content-1362\" aria-expanded=\"false\">\n\t\t\t\t\t\t\t\t\t\t\t\t\t<span class=\"elementor-accordion-icon elementor-accordion-icon-left\" aria-hidden=\"true\">\n\t\t\t\t\t\t\t\t\t\t\t\t\t\t\t<span class=\"elementor-accordion-icon-closed\"><i class=\"fas fa-plus\"><\/i><\/span>\n\t\t\t\t\t\t\t\t<span class=\"elementor-accordion-icon-opened\"><i class=\"fas fa-minus\"><\/i><\/span>\n\t\t\t\t\t\t\t\t\t\t\t\t\t\t<\/span>\n\t\t\t\t\t\t\t\t\t\t\t\t<a class=\"elementor-accordion-title\" tabindex=\"0\">Requisits per la selecci\u00f3<\/a>\n\t\t\t\t\t<\/div>\n\t\t\t\t\t<div id=\"elementor-tab-content-1362\" class=\"elementor-tab-content elementor-clearfix\" data-tab=\"2\" role=\"region\" aria-labelledby=\"elementor-tab-title-1362\"><p dir=\"ltr\"><b>Fase I: Inscripci\u00f3 online<\/b><\/p>\n<ul>\n<li dir=\"ltr\">Data: Pr\u00f2ximament<\/li>\n<li dir=\"ltr\">En aquesta fase, els candidats i candidates hauran de fer arribar la seva informaci\u00f3 personal i professional, el seu curr\u00edculum professional i art\u00edstic, a m\u00e9s d\u2019un enregistrament en v\u00eddeo (opcional), a trav\u00e9s del formulari d\u2019inscripci\u00f3.<\/li>\n<li dir=\"ltr\">M\u00fasica per a les inscripcions:\n<ul>\n<li dir=\"ltr\">Qualsevol \u00e0ria o pe\u00e7a solista d\u2019estil lied o oratori en v\u00eddeo. \u00c9s preferible no enviar \u00e0ries d&#8217;\u00f2pera posteriors a 1850.<\/li>\n<li dir=\"ltr\">El v\u00eddeo ha de ser recent, ha d\u2019haver estat gravat el 2021<\/li>\n<\/ul>\n<\/li>\n<li dir=\"ltr\"><span style=\"font-size: 16px;\"><b>IMPORTANT<\/b>: l\u2019enregistrament de v\u00eddeo \u00e9s opcional, tot i que nom\u00e9s es consideraran per a rol solista els candidats i candidates que hagin incorporat un v\u00eddeo a la seva sol\u00b7licitud.<\/span><\/li>\n<li dir=\"ltr\">\n<p dir=\"ltr\">En aquesta fase, en cas que les inscripcions sigui seleccionada, el candidat o candidata ser\u00e0 convidat a fer una audici\u00f3 presencial avaluada per l\u2019equip art\u00edstic de Bach Collegium Barcelona. L\u2019audici\u00f3 consistir\u00e0 en una primera part com a solista i una segona en quartet vocal (veure Repertori). Les candidatures seran avaluades segons criteris musicals de qualitat i idone\u00eftat als projectes del Bach Collegium Barcelona,<\/p>\n<\/li>\n<\/ul>\n<p dir=\"ltr\"><b>Fase II: Audicions presencials<\/b><\/p>\n<ul>\n<li dir=\"ltr\">Data: Pr\u00f2ximament<\/li>\n<li dir=\"ltr\">Lloc: Barcelona<\/li>\n<li dir=\"ltr\">Duraci\u00f3: 15 minuts<\/li>\n<li dir=\"ltr\">Diapas\u00f3: 415Hz<\/li>\n<li dir=\"ltr\">Repertorista: a c\u00e0rrec de l\u2019organitzaci\u00f3<\/li>\n<li dir=\"ltr\">M\u00fasica per a les audicions presencials:\n<ul>\n<li dir=\"ltr\">Part solista: Qualsevol \u00e0ria d\u2019una cantata de J.S. Bach en llengua alemanya. Aquesta part \u00e9s obligat\u00f2ria per aquells candidats o candidates que vulguin ser considerats per a rol solista.<\/li>\n<li dir=\"ltr\"><span style=\"font-size: 16px;\">Part en quartet vocal: Pr\u00f2ximament<\/span><\/li>\n<\/ul>\n<\/li>\n<\/ul>\n<\/div>\n\t\t\t\t<\/div>\n\t\t\t\t\t\t\t\t<\/div>\n\t\t\t\t\t\t<\/div>\n\t\t\t\t<\/div>\n\t\t\t\t<div class=\"elementor-element elementor-element-52a0180 elementor-widget elementor-widget-heading\" data-id=\"52a0180\" data-element_type=\"widget\" data-widget_type=\"heading.default\">\n\t\t\t\t<div class=\"elementor-widget-container\">\n\t\t\t\t\t<h2 class=\"elementor-heading-title elementor-size-default\">Preguntes freq\u00fcents (FAQs)<\/h2>\t\t\t\t<\/div>\n\t\t\t\t<\/div>\n\t\t\t\t<div class=\"elementor-element elementor-element-22e00ab elementor-widget elementor-widget-accordion\" data-id=\"22e00ab\" data-element_type=\"widget\" data-widget_type=\"accordion.default\">\n\t\t\t\t<div class=\"elementor-widget-container\">\n\t\t\t\t\t\t\t<div class=\"elementor-accordion\">\n\t\t\t\t\t\t\t<div class=\"elementor-accordion-item\">\n\t\t\t\t\t<div id=\"elementor-tab-title-3651\" class=\"elementor-tab-title\" data-tab=\"1\" role=\"button\" aria-controls=\"elementor-tab-content-3651\" aria-expanded=\"false\">\n\t\t\t\t\t\t\t\t\t\t\t\t\t<span class=\"elementor-accordion-icon elementor-accordion-icon-left\" aria-hidden=\"true\">\n\t\t\t\t\t\t\t\t\t\t\t\t\t\t\t<span class=\"elementor-accordion-icon-closed\"><i class=\"fas fa-plus\"><\/i><\/span>\n\t\t\t\t\t\t\t\t<span class=\"elementor-accordion-icon-opened\"><i class=\"fas fa-minus\"><\/i><\/span>\n\t\t\t\t\t\t\t\t\t\t\t\t\t\t<\/span>\n\t\t\t\t\t\t\t\t\t\t\t\t<a class=\"elementor-accordion-title\" tabindex=\"0\">Bach Collegium Barcelona \u00e9s un cor professional?<\/a>\n\t\t\t\t\t<\/div>\n\t\t\t\t\t<div id=\"elementor-tab-content-3651\" class=\"elementor-tab-content elementor-clearfix\" data-tab=\"1\" role=\"region\" aria-labelledby=\"elementor-tab-title-3651\"><p>S\u00ed, \u00e9s un cor professional especialitzat en m\u00fasica antiga. Com a tal, totes les produccions s\u00f3n remunerades, tan per cantants com per solistes.<\/p>\n<\/div>\n\t\t\t\t<\/div>\n\t\t\t\t\t\t\t<div class=\"elementor-accordion-item\">\n\t\t\t\t\t<div id=\"elementor-tab-title-3652\" class=\"elementor-tab-title\" data-tab=\"2\" role=\"button\" aria-controls=\"elementor-tab-content-3652\" aria-expanded=\"false\">\n\t\t\t\t\t\t\t\t\t\t\t\t\t<span class=\"elementor-accordion-icon elementor-accordion-icon-left\" aria-hidden=\"true\">\n\t\t\t\t\t\t\t\t\t\t\t\t\t\t\t<span class=\"elementor-accordion-icon-closed\"><i class=\"fas fa-plus\"><\/i><\/span>\n\t\t\t\t\t\t\t\t<span class=\"elementor-accordion-icon-opened\"><i class=\"fas fa-minus\"><\/i><\/span>\n\t\t\t\t\t\t\t\t\t\t\t\t\t\t<\/span>\n\t\t\t\t\t\t\t\t\t\t\t\t<a class=\"elementor-accordion-title\" tabindex=\"0\">Vull ser considerat com a solista, qu\u00e8 he de fer?<\/a>\n\t\t\t\t\t<\/div>\n\t\t\t\t\t<div id=\"elementor-tab-content-3652\" class=\"elementor-tab-content elementor-clearfix\" data-tab=\"2\" role=\"region\" aria-labelledby=\"elementor-tab-title-3652\"><p>Si vols ser considerat com a rol de solista, d\u2019una banda has d&#8217;incorporar un enregistrament a la teva sol\u00b7licitud. A m\u00e9s a m\u00e9s, en cas de passar a la fase presencial, haur\u00e0s de cantar qualsevol \u00e0ria d\u2019una cantata de J.S. Bach en llengua alemanya.<\/p>\n<\/div>\n\t\t\t\t<\/div>\n\t\t\t\t\t\t\t<div class=\"elementor-accordion-item\">\n\t\t\t\t\t<div id=\"elementor-tab-title-3653\" class=\"elementor-tab-title\" data-tab=\"3\" role=\"button\" aria-controls=\"elementor-tab-content-3653\" aria-expanded=\"false\">\n\t\t\t\t\t\t\t\t\t\t\t\t\t<span class=\"elementor-accordion-icon elementor-accordion-icon-left\" aria-hidden=\"true\">\n\t\t\t\t\t\t\t\t\t\t\t\t\t\t\t<span class=\"elementor-accordion-icon-closed\"><i class=\"fas fa-plus\"><\/i><\/span>\n\t\t\t\t\t\t\t\t<span class=\"elementor-accordion-icon-opened\"><i class=\"fas fa-minus\"><\/i><\/span>\n\t\t\t\t\t\t\t\t\t\t\t\t\t\t<\/span>\n\t\t\t\t\t\t\t\t\t\t\t\t<a class=\"elementor-accordion-title\" tabindex=\"0\">Hi ha l\u00edmit d\u2019edat per inscriure\u2019m a les audicions?<\/a>\n\t\t\t\t\t<\/div>\n\t\t\t\t\t<div id=\"elementor-tab-content-3653\" class=\"elementor-tab-content elementor-clearfix\" data-tab=\"3\" role=\"region\" aria-labelledby=\"elementor-tab-title-3653\"><p>No, t\u2019hi pots inscriure tinguis l\u2019edat que tinguis. Orientativament el marge d\u2019edat es compr\u00e8n entre els 18 i els 60 anys.<\/p>\n<\/div>\n\t\t\t\t<\/div>\n\t\t\t\t\t\t\t<div class=\"elementor-accordion-item\">\n\t\t\t\t\t<div id=\"elementor-tab-title-3654\" class=\"elementor-tab-title\" data-tab=\"4\" role=\"button\" aria-controls=\"elementor-tab-content-3654\" aria-expanded=\"false\">\n\t\t\t\t\t\t\t\t\t\t\t\t\t<span class=\"elementor-accordion-icon elementor-accordion-icon-left\" aria-hidden=\"true\">\n\t\t\t\t\t\t\t\t\t\t\t\t\t\t\t<span class=\"elementor-accordion-icon-closed\"><i class=\"fas fa-plus\"><\/i><\/span>\n\t\t\t\t\t\t\t\t<span class=\"elementor-accordion-icon-opened\"><i class=\"fas fa-minus\"><\/i><\/span>\n\t\t\t\t\t\t\t\t\t\t\t\t\t\t<\/span>\n\t\t\t\t\t\t\t\t\t\t\t\t<a class=\"elementor-accordion-title\" tabindex=\"0\">Com haig d\u2019enviar el v\u00eddeo?<\/a>\n\t\t\t\t\t<\/div>\n\t\t\t\t\t<div id=\"elementor-tab-content-3654\" class=\"elementor-tab-content elementor-clearfix\" data-tab=\"4\" role=\"region\" aria-labelledby=\"elementor-tab-title-3654\"><p>Els v\u00eddeos s\u2019han de pujar a Youtube o a Vimeo i ens has d\u2019enviar el link. Si no vols que el v\u00eddeo sigui p\u00fablic, pots posar-lo com a no visible (UNLISTED), per\u00f2 no com a privat amb contrasenya.<\/p>\n<\/div>\n\t\t\t\t<\/div>\n\t\t\t\t\t\t\t<div class=\"elementor-accordion-item\">\n\t\t\t\t\t<div id=\"elementor-tab-title-3655\" class=\"elementor-tab-title\" data-tab=\"5\" role=\"button\" aria-controls=\"elementor-tab-content-3655\" aria-expanded=\"false\">\n\t\t\t\t\t\t\t\t\t\t\t\t\t<span class=\"elementor-accordion-icon elementor-accordion-icon-left\" aria-hidden=\"true\">\n\t\t\t\t\t\t\t\t\t\t\t\t\t\t\t<span class=\"elementor-accordion-icon-closed\"><i class=\"fas fa-plus\"><\/i><\/span>\n\t\t\t\t\t\t\t\t<span class=\"elementor-accordion-icon-opened\"><i class=\"fas fa-minus\"><\/i><\/span>\n\t\t\t\t\t\t\t\t\t\t\t\t\t\t<\/span>\n\t\t\t\t\t\t\t\t\t\t\t\t<a class=\"elementor-accordion-title\" tabindex=\"0\">Puc enviar un v\u00eddeo antic?<\/a>\n\t\t\t\t\t<\/div>\n\t\t\t\t\t<div id=\"elementor-tab-content-3655\" class=\"elementor-tab-content elementor-clearfix\" data-tab=\"5\" role=\"region\" aria-labelledby=\"elementor-tab-title-3655\"><p>No, demanem que els v\u00eddeo sigui gravat aquest 2021, no abans.<\/p>\n<\/div>\n\t\t\t\t<\/div>\n\t\t\t\t\t\t\t<div class=\"elementor-accordion-item\">\n\t\t\t\t\t<div id=\"elementor-tab-title-3656\" class=\"elementor-tab-title\" data-tab=\"6\" role=\"button\" aria-controls=\"elementor-tab-content-3656\" aria-expanded=\"false\">\n\t\t\t\t\t\t\t\t\t\t\t\t\t<span class=\"elementor-accordion-icon elementor-accordion-icon-left\" aria-hidden=\"true\">\n\t\t\t\t\t\t\t\t\t\t\t\t\t\t\t<span class=\"elementor-accordion-icon-closed\"><i class=\"fas fa-plus\"><\/i><\/span>\n\t\t\t\t\t\t\t\t<span class=\"elementor-accordion-icon-opened\"><i class=\"fas fa-minus\"><\/i><\/span>\n\t\t\t\t\t\t\t\t\t\t\t\t\t\t<\/span>\n\t\t\t\t\t\t\t\t\t\t\t\t<a class=\"elementor-accordion-title\" tabindex=\"0\">Com haig d\u2019enviar els documents?<\/a>\n\t\t\t\t\t<\/div>\n\t\t\t\t\t<div id=\"elementor-tab-content-3656\" class=\"elementor-tab-content elementor-clearfix\" data-tab=\"6\" role=\"region\" aria-labelledby=\"elementor-tab-title-3656\"><p>El curr\u00edculum professional i art\u00edstic s\u2019ha d\u2019adjuntar al formulari en format PDF.<\/p>\n<\/div>\n\t\t\t\t<\/div>\n\t\t\t\t\t\t\t<div class=\"elementor-accordion-item\">\n\t\t\t\t\t<div id=\"elementor-tab-title-3657\" class=\"elementor-tab-title\" data-tab=\"7\" role=\"button\" aria-controls=\"elementor-tab-content-3657\" aria-expanded=\"false\">\n\t\t\t\t\t\t\t\t\t\t\t\t\t<span class=\"elementor-accordion-icon elementor-accordion-icon-left\" aria-hidden=\"true\">\n\t\t\t\t\t\t\t\t\t\t\t\t\t\t\t<span class=\"elementor-accordion-icon-closed\"><i class=\"fas fa-plus\"><\/i><\/span>\n\t\t\t\t\t\t\t\t<span class=\"elementor-accordion-icon-opened\"><i class=\"fas fa-minus\"><\/i><\/span>\n\t\t\t\t\t\t\t\t\t\t\t\t\t\t<\/span>\n\t\t\t\t\t\t\t\t\t\t\t\t<a class=\"elementor-accordion-title\" tabindex=\"0\">Puc fer les audicions en format online o virtual?<\/a>\n\t\t\t\t\t<\/div>\n\t\t\t\t\t<div id=\"elementor-tab-content-3657\" class=\"elementor-tab-content elementor-clearfix\" data-tab=\"7\" role=\"region\" aria-labelledby=\"elementor-tab-title-3657\"><p>No, malauradament les audicions s\u00f3n presencials i nom\u00e9s es consideraran els candidats o candidates que puguin assistir a la convocat\u00f2ria del dia 12 de juny.<\/p>\n<\/div>\n\t\t\t\t<\/div>\n\t\t\t\t\t\t\t<div class=\"elementor-accordion-item\">\n\t\t\t\t\t<div id=\"elementor-tab-title-3658\" class=\"elementor-tab-title\" data-tab=\"8\" role=\"button\" aria-controls=\"elementor-tab-content-3658\" aria-expanded=\"false\">\n\t\t\t\t\t\t\t\t\t\t\t\t\t<span class=\"elementor-accordion-icon elementor-accordion-icon-left\" aria-hidden=\"true\">\n\t\t\t\t\t\t\t\t\t\t\t\t\t\t\t<span class=\"elementor-accordion-icon-closed\"><i class=\"fas fa-plus\"><\/i><\/span>\n\t\t\t\t\t\t\t\t<span class=\"elementor-accordion-icon-opened\"><i class=\"fas fa-minus\"><\/i><\/span>\n\t\t\t\t\t\t\t\t\t\t\t\t\t\t<\/span>\n\t\t\t\t\t\t\t\t\t\t\t\t<a class=\"elementor-accordion-title\" tabindex=\"0\">Pagueu les despeses per fer les audicions?<\/a>\n\t\t\t\t\t<\/div>\n\t\t\t\t\t<div id=\"elementor-tab-content-3658\" class=\"elementor-tab-content elementor-clearfix\" data-tab=\"8\" role=\"region\" aria-labelledby=\"elementor-tab-title-3658\"><p>No, les despeses del viatge per les audicions corren a c\u00e0rrec del candidat o candidata, independentment de que el candidat o candidata sigui seleccionat o que la pla\u00e7a no acabi sent coberta.<\/p>\n<\/div>\n\t\t\t\t<\/div>\n\t\t\t\t\t\t\t<div class=\"elementor-accordion-item\">\n\t\t\t\t\t<div id=\"elementor-tab-title-3659\" class=\"elementor-tab-title\" data-tab=\"9\" role=\"button\" aria-controls=\"elementor-tab-content-3659\" aria-expanded=\"false\">\n\t\t\t\t\t\t\t\t\t\t\t\t\t<span class=\"elementor-accordion-icon elementor-accordion-icon-left\" aria-hidden=\"true\">\n\t\t\t\t\t\t\t\t\t\t\t\t\t\t\t<span class=\"elementor-accordion-icon-closed\"><i class=\"fas fa-plus\"><\/i><\/span>\n\t\t\t\t\t\t\t\t<span class=\"elementor-accordion-icon-opened\"><i class=\"fas fa-minus\"><\/i><\/span>\n\t\t\t\t\t\t\t\t\t\t\t\t\t\t<\/span>\n\t\t\t\t\t\t\t\t\t\t\t\t<a class=\"elementor-accordion-title\" tabindex=\"0\">He de portar el meu pianista \/ repertorista a l\u2019audici\u00f3 presencial?<\/a>\n\t\t\t\t\t<\/div>\n\t\t\t\t\t<div id=\"elementor-tab-content-3659\" class=\"elementor-tab-content elementor-clearfix\" data-tab=\"9\" role=\"region\" aria-labelledby=\"elementor-tab-title-3659\"><p>L\u2019espai de l\u2019audici\u00f3 disposar\u00e0 d\u2019un clavic\u00e8mbal. Els candidats i candidates tindran a disposici\u00f3 un repertorista, que els podr\u00e0 acompanyar amb un clavic\u00e8mbal afinat a 415Hz. Si el candidat o candidata ho prefereix, pot assistir a l\u2019audici\u00f3 amb el repertorista que desitgi per acompanyar-lo en l\u2019\u00e0ria solista.<\/p>\n<\/div>\n\t\t\t\t<\/div>\n\t\t\t\t\t\t\t<div class=\"elementor-accordion-item\">\n\t\t\t\t\t<div id=\"elementor-tab-title-36510\" class=\"elementor-tab-title\" data-tab=\"10\" role=\"button\" aria-controls=\"elementor-tab-content-36510\" aria-expanded=\"false\">\n\t\t\t\t\t\t\t\t\t\t\t\t\t<span class=\"elementor-accordion-icon elementor-accordion-icon-left\" aria-hidden=\"true\">\n\t\t\t\t\t\t\t\t\t\t\t\t\t\t\t<span class=\"elementor-accordion-icon-closed\"><i class=\"fas fa-plus\"><\/i><\/span>\n\t\t\t\t\t\t\t\t<span class=\"elementor-accordion-icon-opened\"><i class=\"fas fa-minus\"><\/i><\/span>\n\t\t\t\t\t\t\t\t\t\t\t\t\t\t<\/span>\n\t\t\t\t\t\t\t\t\t\t\t\t<a class=\"elementor-accordion-title\" tabindex=\"0\">Qu\u00e8 he de portar el dia de les audicions?<\/a>\n\t\t\t\t\t<\/div>\n\t\t\t\t\t<div id=\"elementor-tab-content-36510\" class=\"elementor-tab-content elementor-clearfix\" data-tab=\"10\" role=\"region\" aria-labelledby=\"elementor-tab-title-36510\"><p>No cal que portis c\u00f2pies de l\u2019obra lliure que cantaras. Pr\u00e8viament a l\u2019audici\u00f3, hauras d\u2019enviar la partitura en format digital en l\u2019edici\u00f3 que far\u00e0s servir.<\/p>\n<\/div>\n\t\t\t\t<\/div>\n\t\t\t\t\t\t\t<div class=\"elementor-accordion-item\">\n\t\t\t\t\t<div id=\"elementor-tab-title-36511\" class=\"elementor-tab-title\" data-tab=\"11\" role=\"button\" aria-controls=\"elementor-tab-content-36511\" aria-expanded=\"false\">\n\t\t\t\t\t\t\t\t\t\t\t\t\t<span class=\"elementor-accordion-icon elementor-accordion-icon-left\" aria-hidden=\"true\">\n\t\t\t\t\t\t\t\t\t\t\t\t\t\t\t<span class=\"elementor-accordion-icon-closed\"><i class=\"fas fa-plus\"><\/i><\/span>\n\t\t\t\t\t\t\t\t<span class=\"elementor-accordion-icon-opened\"><i class=\"fas fa-minus\"><\/i><\/span>\n\t\t\t\t\t\t\t\t\t\t\t\t\t\t<\/span>\n\t\t\t\t\t\t\t\t\t\t\t\t<a class=\"elementor-accordion-title\" tabindex=\"0\">Tens m\u00e9s preguntes?<\/a>\n\t\t\t\t\t<\/div>\n\t\t\t\t\t<div id=\"elementor-tab-content-36511\" class=\"elementor-tab-content elementor-clearfix\" data-tab=\"11\" role=\"region\" aria-labelledby=\"elementor-tab-title-36511\"><p>Ens pots contactar a: contacte@bachcollegiumbarcelona.com<\/p>\n<\/div>\n\t\t\t\t<\/div>\n\t\t\t\t\t\t\t\t\t\t<script type=\"application\/ld+json\">{\"@context\":\"https:\\\/\\\/schema.org\",\"@type\":\"FAQPage\",\"mainEntity\":[{\"@type\":\"Question\",\"name\":\"Bach Collegium Barcelona \\u00e9s un cor professional?\",\"acceptedAnswer\":{\"@type\":\"Answer\",\"text\":\"<p>S\\u00ed, \\u00e9s un cor professional especialitzat en m\\u00fasica antiga. Com a tal, totes les produccions s\\u00f3n remunerades, tan per cantants com per solistes.<\\\/p>\\n\"}},{\"@type\":\"Question\",\"name\":\"Vull ser considerat com a solista, qu\\u00e8 he de fer?\",\"acceptedAnswer\":{\"@type\":\"Answer\",\"text\":\"<p>Si vols ser considerat com a rol de solista, d\\u2019una banda has d&#8217;incorporar un enregistrament a la teva sol\\u00b7licitud. A m\\u00e9s a m\\u00e9s, en cas de passar a la fase presencial, haur\\u00e0s de cantar qualsevol \\u00e0ria d\\u2019una cantata de J.S. Bach en llengua alemanya.<\\\/p>\\n\"}},{\"@type\":\"Question\",\"name\":\"Hi ha l\\u00edmit d\\u2019edat per inscriure\\u2019m a les audicions?\",\"acceptedAnswer\":{\"@type\":\"Answer\",\"text\":\"<p>No, t\\u2019hi pots inscriure tinguis l\\u2019edat que tinguis. Orientativament el marge d\\u2019edat es compr\\u00e8n entre els 18 i els 60 anys.<\\\/p>\\n\"}},{\"@type\":\"Question\",\"name\":\"Com haig d\\u2019enviar el v\\u00eddeo?\",\"acceptedAnswer\":{\"@type\":\"Answer\",\"text\":\"<p>Els v\\u00eddeos s\\u2019han de pujar a Youtube o a Vimeo i ens has d\\u2019enviar el link. Si no vols que el v\\u00eddeo sigui p\\u00fablic, pots posar-lo com a no visible (UNLISTED), per\\u00f2 no com a privat amb contrasenya.<\\\/p>\\n\"}},{\"@type\":\"Question\",\"name\":\"Puc enviar un v\\u00eddeo antic?\",\"acceptedAnswer\":{\"@type\":\"Answer\",\"text\":\"<p>No, demanem que els v\\u00eddeo sigui gravat aquest 2021, no abans.<\\\/p>\\n\"}},{\"@type\":\"Question\",\"name\":\"Com haig d\\u2019enviar els documents?\",\"acceptedAnswer\":{\"@type\":\"Answer\",\"text\":\"<p>El curr\\u00edculum professional i art\\u00edstic s\\u2019ha d\\u2019adjuntar al formulari en format PDF.<\\\/p>\\n\"}},{\"@type\":\"Question\",\"name\":\"Puc fer les audicions en format online o virtual?\",\"acceptedAnswer\":{\"@type\":\"Answer\",\"text\":\"<p>No, malauradament les audicions s\\u00f3n presencials i nom\\u00e9s es consideraran els candidats o candidates que puguin assistir a la convocat\\u00f2ria del dia 12 de juny.<\\\/p>\\n\"}},{\"@type\":\"Question\",\"name\":\"Pagueu les despeses per fer les audicions?\",\"acceptedAnswer\":{\"@type\":\"Answer\",\"text\":\"<p>No, les despeses del viatge per les audicions corren a c\\u00e0rrec del candidat o candidata, independentment de que el candidat o candidata sigui seleccionat o que la pla\\u00e7a no acabi sent coberta.<\\\/p>\\n\"}},{\"@type\":\"Question\",\"name\":\"He de portar el meu pianista \\\/ repertorista a l\\u2019audici\\u00f3 presencial?\",\"acceptedAnswer\":{\"@type\":\"Answer\",\"text\":\"<p>L\\u2019espai de l\\u2019audici\\u00f3 disposar\\u00e0 d\\u2019un clavic\\u00e8mbal. Els candidats i candidates tindran a disposici\\u00f3 un repertorista, que els podr\\u00e0 acompanyar amb un clavic\\u00e8mbal afinat a 415Hz. Si el candidat o candidata ho prefereix, pot assistir a l\\u2019audici\\u00f3 amb el repertorista que desitgi per acompanyar-lo en l\\u2019\\u00e0ria solista.<\\\/p>\\n\"}},{\"@type\":\"Question\",\"name\":\"Qu\\u00e8 he de portar el dia de les audicions?\",\"acceptedAnswer\":{\"@type\":\"Answer\",\"text\":\"<p>No cal que portis c\\u00f2pies de l\\u2019obra lliure que cantaras. Pr\\u00e8viament a l\\u2019audici\\u00f3, hauras d\\u2019enviar la partitura en format digital en l\\u2019edici\\u00f3 que far\\u00e0s servir.<\\\/p>\\n\"}},{\"@type\":\"Question\",\"name\":\"Tens m\\u00e9s preguntes?\",\"acceptedAnswer\":{\"@type\":\"Answer\",\"text\":\"<p>Ens pots contactar a: contacte@bachcollegiumbarcelona.com<\\\/p>\\n\"}}]}<\/script>\n\t\t\t\t\t<\/div>\n\t\t\t\t\t\t<\/div>\n\t\t\t\t<\/div>\n\t\t\t\t\t<\/div>\n\t\t<\/div>\n\t\t\t\t<div class=\"elementor-column elementor-col-50 elementor-top-column elementor-element elementor-element-3e41be95 elementor-hidden-tablet elementor-hidden-phone\" data-id=\"3e41be95\" data-element_type=\"column\">\n\t\t\t<div class=\"elementor-widget-wrap elementor-element-populated\">\n\t\t\t\t\t\t<section class=\"elementor-section elementor-inner-section elementor-element elementor-element-684bd66 elementor-section-boxed elementor-section-height-default elementor-section-height-default\" data-id=\"684bd66\" data-element_type=\"section\" data-settings=\"{&quot;sticky&quot;:&quot;top&quot;,&quot;sticky_offset&quot;:100,&quot;sticky_parent&quot;:&quot;yes&quot;,&quot;sticky_on&quot;:[&quot;desktop&quot;,&quot;tablet&quot;,&quot;mobile&quot;],&quot;sticky_effects_offset&quot;:0,&quot;sticky_anchor_link_offset&quot;:0}\">\n\t\t\t\t\t\t<div class=\"elementor-container elementor-column-gap-default\">\n\t\t\t\t\t<div class=\"elementor-column elementor-col-100 elementor-inner-column elementor-element elementor-element-648f33e\" data-id=\"648f33e\" data-element_type=\"column\">\n\t\t\t<div class=\"elementor-widget-wrap elementor-element-populated\">\n\t\t\t\t\t\t<div class=\"elementor-element elementor-element-ea2b117 elementor-widget elementor-widget-heading\" data-id=\"ea2b117\" data-element_type=\"widget\" data-widget_type=\"heading.default\">\n\t\t\t\t<div class=\"elementor-widget-container\">\n\t\t\t\t\t<h2 class=\"elementor-heading-title elementor-size-default\">Properes audicions<\/h2>\t\t\t\t<\/div>\n\t\t\t\t<\/div>\n\t\t\t\t<div class=\"elementor-element elementor-element-979c12e elementor-align-left elementor-icon-list--layout-traditional elementor-list-item-link-full_width elementor-widget elementor-widget-icon-list\" data-id=\"979c12e\" data-element_type=\"widget\" data-widget_type=\"icon-list.default\">\n\t\t\t\t<div class=\"elementor-widget-container\">\n\t\t\t\t\t\t\t<ul class=\"elementor-icon-list-items\">\n\t\t\t\t\t\t\t<li class=\"elementor-icon-list-item\">\n\t\t\t\t\t\t\t\t\t\t\t<span class=\"elementor-icon-list-icon\">\n\t\t\t\t\t\t\t<i aria-hidden=\"true\" class=\"far fa-calendar-alt\"><\/i>\t\t\t\t\t\t<\/span>\n\t\t\t\t\t\t\t\t\t\t<span class=\"elementor-icon-list-text\">Pr\u00f2ximament<\/span>\n\t\t\t\t\t\t\t\t\t<\/li>\n\t\t\t\t\t\t<\/ul>\n\t\t\t\t\t\t<\/div>\n\t\t\t\t<\/div>\n\t\t\t\t<div class=\"elementor-element elementor-element-defd952 elementor-widget elementor-widget-heading\" data-id=\"defd952\" data-element_type=\"widget\" data-widget_type=\"heading.default\">\n\t\t\t\t<div class=\"elementor-widget-container\">\n\t\t\t\t\t<h2 class=\"elementor-heading-title elementor-size-default\">Per\u00edode d'inscripci\u00f3 online<\/h2>\t\t\t\t<\/div>\n\t\t\t\t<\/div>\n\t\t\t\t<div class=\"elementor-element elementor-element-5e56017 elementor-align-left elementor-icon-list--layout-traditional elementor-list-item-link-full_width elementor-widget elementor-widget-icon-list\" data-id=\"5e56017\" data-element_type=\"widget\" data-widget_type=\"icon-list.default\">\n\t\t\t\t<div class=\"elementor-widget-container\">\n\t\t\t\t\t\t\t<ul class=\"elementor-icon-list-items\">\n\t\t\t\t\t\t\t<li class=\"elementor-icon-list-item\">\n\t\t\t\t\t\t\t\t\t\t\t<span class=\"elementor-icon-list-icon\">\n\t\t\t\t\t\t\t<i aria-hidden=\"true\" class=\"far fa-calendar-alt\"><\/i>\t\t\t\t\t\t<\/span>\n\t\t\t\t\t\t\t\t\t\t<span class=\"elementor-icon-list-text\">Pr\u00f2ximament<\/span>\n\t\t\t\t\t\t\t\t\t<\/li>\n\t\t\t\t\t\t<\/ul>\n\t\t\t\t\t\t<\/div>\n\t\t\t\t<\/div>\n\t\t\t\t<div class=\"elementor-element elementor-element-5db3817 elementor-align-left elementor-widget elementor-widget-button\" data-id=\"5db3817\" data-element_type=\"widget\" data-widget_type=\"button.default\">\n\t\t\t\t<div class=\"elementor-widget-container\">\n\t\t\t\t\t\t\t\t\t<div class=\"elementor-button-wrapper\">\n\t\t\t\t\t<a class=\"elementor-button elementor-size-sm\" role=\"button\">\n\t\t\t\t\t\t<span class=\"elementor-button-content-wrapper\">\n\t\t\t\t\t\t\t\t\t<span class=\"elementor-button-text\">Pr\u00f2ximament disponible<\/span>\n\t\t\t\t\t<\/span>\n\t\t\t\t\t<\/a>\n\t\t\t\t<\/div>\n\t\t\t\t\t\t\t\t<\/div>\n\t\t\t\t<\/div>\n\t\t\t\t\t<\/div>\n\t\t<\/div>\n\t\t\t\t\t<\/div>\n\t\t<\/section>\n\t\t\t\t\t<\/div>\n\t\t<\/div>\n\t\t\t\t\t<\/div>\n\t\t<\/section>\n\t\t\t\t<\/div>\n\t\t","protected":false},"excerpt":{"rendered":"<p>Convocat\u00f2ria d&#8217;audicions Bach Collegium Barcelona Properes audicions Pr\u00f2ximament Per\u00edode d&#8217;inscripci\u00f3 online Pr\u00f2ximament Pr\u00f2ximament disponible L\u2019objectiu d\u2019aquestes audicions \u00e9s seleccionar noves veus per la borsa de cantants i solistes del Bach Collegium Barcelona. Informaci\u00f3 sobre la convocat\u00f2ria Des de Bach Collegium Barcelona tenim la voluntat d\u2019audicionar regularment cantants d\u2019entre 18 i 60 anys que vulguin formar [&hellip;]<\/p>\n","protected":false},"author":2,"featured_media":0,"parent":0,"menu_order":0,"comment_status":"closed","ping_status":"closed","template":"elementor_header_footer","meta":{"_acf_changed":false,"site-sidebar-layout":"no-sidebar","site-content-layout":"page-builder","ast-site-content-layout":"","site-content-style":"default","site-sidebar-style":"default","ast-global-header-display":"","ast-banner-title-visibility":"","ast-main-header-display":"","ast-hfb-above-header-display":"","ast-hfb-below-header-display":"","ast-hfb-mobile-header-display":"","site-post-title":"disabled","ast-breadcrumbs-content":"disabled","ast-featured-img":"disabled","footer-sml-layout":"","theme-transparent-header-meta":"default","adv-header-id-meta":"","stick-header-meta":"default","header-above-stick-meta":"","header-main-stick-meta":"","header-below-stick-meta":"","astra-migrate-meta-layouts":"default","ast-page-background-enabled":"default","ast-page-background-meta":{"desktop":{"background-color":"","background-image":"","background-repeat":"repeat","background-position":"center center","background-size":"auto","background-attachment":"scroll","background-type":"","background-media":"","overlay-type":"","overlay-color":"","overlay-opacity":"","overlay-gradient":""},"tablet":{"background-color":"","background-image":"","background-repeat":"repeat","background-position":"center center","background-size":"auto","background-attachment":"scroll","background-type":"","background-media":"","overlay-type":"","overlay-color":"","overlay-opacity":"","overlay-gradient":""},"mobile":{"background-color":"","background-image":"","background-repeat":"repeat","background-position":"center center","background-size":"auto","background-attachment":"scroll","background-type":"","background-media":"","overlay-type":"","overlay-color":"","overlay-opacity":"","overlay-gradient":""}},"ast-content-background-meta":{"desktop":{"background-color":"var(--ast-global-color-5)","background-image":"","background-repeat":"repeat","background-position":"center center","background-size":"auto","background-attachment":"scroll","background-type":"","background-media":"","overlay-type":"","overlay-color":"","overlay-opacity":"","overlay-gradient":""},"tablet":{"background-color":"var(--ast-global-color-5)","background-image":"","background-repeat":"repeat","background-position":"center center","background-size":"auto","background-attachment":"scroll","background-type":"","background-media":"","overlay-type":"","overlay-color":"","overlay-opacity":"","overlay-gradient":""},"mobile":{"background-color":"var(--ast-global-color-5)","background-image":"","background-repeat":"repeat","background-position":"center center","background-size":"auto","background-attachment":"scroll","background-type":"","background-media":"","overlay-type":"","overlay-color":"","overlay-opacity":"","overlay-gradient":""}},"footnotes":""},"class_list":["post-3055","page","type-page","status-publish","hentry"],"acf":[],"_links":{"self":[{"href":"https:\/\/bachcollegiumbarcelona.com\/en\/wp-json\/wp\/v2\/pages\/3055","targetHints":{"allow":["GET"]}}],"collection":[{"href":"https:\/\/bachcollegiumbarcelona.com\/en\/wp-json\/wp\/v2\/pages"}],"about":[{"href":"https:\/\/bachcollegiumbarcelona.com\/en\/wp-json\/wp\/v2\/types\/page"}],"author":[{"embeddable":true,"href":"https:\/\/bachcollegiumbarcelona.com\/en\/wp-json\/wp\/v2\/users\/2"}],"replies":[{"embeddable":true,"href":"https:\/\/bachcollegiumbarcelona.com\/en\/wp-json\/wp\/v2\/comments?post=3055"}],"version-history":[{"count":5,"href":"https:\/\/bachcollegiumbarcelona.com\/en\/wp-json\/wp\/v2\/pages\/3055\/revisions"}],"predecessor-version":[{"id":3060,"href":"https:\/\/bachcollegiumbarcelona.com\/en\/wp-json\/wp\/v2\/pages\/3055\/revisions\/3060"}],"wp:attachment":[{"href":"https:\/\/bachcollegiumbarcelona.com\/en\/wp-json\/wp\/v2\/media?parent=3055"}],"curies":[{"name":"wp","href":"https:\/\/api.w.org\/{rel}","templated":true}]}}