{"id":1803,"date":"2021-04-28T14:57:50","date_gmt":"2021-04-28T12:57:50","guid":{"rendered":"https:\/\/bachcollegiumbarcelona.com\/audiciones\/"},"modified":"2023-11-27T12:25:03","modified_gmt":"2023-11-27T11:25:03","slug":"audiciones","status":"publish","type":"page","link":"https:\/\/bachcollegiumbarcelona.com\/es\/audiciones\/","title":{"rendered":"Audiciones"},"content":{"rendered":"\t\t<div data-elementor-type=\"wp-page\" data-elementor-id=\"1803\" class=\"elementor elementor-1803 elementor-334\" data-elementor-post-type=\"page\">\n\t\t\t\t\t\t<section class=\"elementor-section elementor-top-section elementor-element elementor-element-9985811 elementor-section-content-middle elementor-section-boxed elementor-section-height-default elementor-section-height-default\" data-id=\"9985811\" data-element_type=\"section\">\n\t\t\t\t\t\t<div class=\"elementor-container elementor-column-gap-no\">\n\t\t\t\t\t<div class=\"elementor-column elementor-col-50 elementor-top-column elementor-element elementor-element-7380e381\" data-id=\"7380e381\" data-element_type=\"column\">\n\t\t\t<div class=\"elementor-widget-wrap elementor-element-populated\">\n\t\t\t\t\t\t<div class=\"elementor-element elementor-element-1d1f7ee elementor-widget elementor-widget-heading\" data-id=\"1d1f7ee\" data-element_type=\"widget\" data-widget_type=\"heading.default\">\n\t\t\t\t<div class=\"elementor-widget-container\">\n\t\t\t\t\t<h1 class=\"elementor-heading-title elementor-size-default\">Convocatoria de audiciones<\/h1>\t\t\t\t<\/div>\n\t\t\t\t<\/div>\n\t\t\t\t<div class=\"elementor-element elementor-element-3d44a37 elementor-widget elementor-widget-heading\" data-id=\"3d44a37\" data-element_type=\"widget\" data-widget_type=\"heading.default\">\n\t\t\t\t<div class=\"elementor-widget-container\">\n\t\t\t\t\t<h1 class=\"elementor-heading-title elementor-size-default\">Bach Collegium Barcelona<\/h1>\t\t\t\t<\/div>\n\t\t\t\t<\/div>\n\t\t\t\t<section class=\"elementor-section elementor-inner-section elementor-element elementor-element-fd65977 elementor-hidden-desktop elementor-section-boxed elementor-section-height-default elementor-section-height-default\" data-id=\"fd65977\" data-element_type=\"section\">\n\t\t\t\t\t\t<div class=\"elementor-container elementor-column-gap-default\">\n\t\t\t\t\t<div class=\"elementor-column elementor-col-100 elementor-inner-column elementor-element elementor-element-9876196\" data-id=\"9876196\" data-element_type=\"column\">\n\t\t\t<div class=\"elementor-widget-wrap elementor-element-populated\">\n\t\t\t\t\t\t<div class=\"elementor-element elementor-element-5ce75c7 elementor-widget elementor-widget-heading\" data-id=\"5ce75c7\" data-element_type=\"widget\" data-widget_type=\"heading.default\">\n\t\t\t\t<div class=\"elementor-widget-container\">\n\t\t\t\t\t<h2 class=\"elementor-heading-title elementor-size-default\">Pr\u00f3ximas audiciones<\/h2>\t\t\t\t<\/div>\n\t\t\t\t<\/div>\n\t\t\t\t<div class=\"elementor-element elementor-element-5a0a45d elementor-align-center elementor-mobile-align-center elementor-tablet-align-center elementor-icon-list--layout-traditional elementor-list-item-link-full_width elementor-widget elementor-widget-icon-list\" data-id=\"5a0a45d\" data-element_type=\"widget\" data-widget_type=\"icon-list.default\">\n\t\t\t\t<div class=\"elementor-widget-container\">\n\t\t\t\t\t\t\t<ul class=\"elementor-icon-list-items\">\n\t\t\t\t\t\t\t<li class=\"elementor-icon-list-item\">\n\t\t\t\t\t\t\t\t\t\t\t<span class=\"elementor-icon-list-icon\">\n\t\t\t\t\t\t\t<i aria-hidden=\"true\" class=\"far fa-calendar-alt\"><\/i>\t\t\t\t\t\t<\/span>\n\t\t\t\t\t\t\t\t\t\t<span class=\"elementor-icon-list-text\">26 de abril 2021 al 30 de mayo 2021<\/span>\n\t\t\t\t\t\t\t\t\t<\/li>\n\t\t\t\t\t\t<\/ul>\n\t\t\t\t\t\t<\/div>\n\t\t\t\t<\/div>\n\t\t\t\t<div class=\"elementor-element elementor-element-f3b0cab elementor-widget elementor-widget-heading\" data-id=\"f3b0cab\" data-element_type=\"widget\" data-widget_type=\"heading.default\">\n\t\t\t\t<div class=\"elementor-widget-container\">\n\t\t\t\t\t<h2 class=\"elementor-heading-title elementor-size-default\">Per\u00edodo de inscripci\u00f3n online<\/h2>\t\t\t\t<\/div>\n\t\t\t\t<\/div>\n\t\t\t\t<div class=\"elementor-element elementor-element-81e6b05 elementor-align-center elementor-mobile-align-center elementor-tablet-align-center elementor-icon-list--layout-traditional elementor-list-item-link-full_width elementor-widget elementor-widget-icon-list\" data-id=\"81e6b05\" data-element_type=\"widget\" data-widget_type=\"icon-list.default\">\n\t\t\t\t<div class=\"elementor-widget-container\">\n\t\t\t\t\t\t\t<ul class=\"elementor-icon-list-items\">\n\t\t\t\t\t\t\t<li class=\"elementor-icon-list-item\">\n\t\t\t\t\t\t\t\t\t\t\t<span class=\"elementor-icon-list-icon\">\n\t\t\t\t\t\t\t<i aria-hidden=\"true\" class=\"far fa-calendar-alt\"><\/i>\t\t\t\t\t\t<\/span>\n\t\t\t\t\t\t\t\t\t\t<span class=\"elementor-icon-list-text\">26 de abril 2021 al 30 de mayo 2021<\/span>\n\t\t\t\t\t\t\t\t\t<\/li>\n\t\t\t\t\t\t<\/ul>\n\t\t\t\t\t\t<\/div>\n\t\t\t\t<\/div>\n\t\t\t\t<div class=\"elementor-element elementor-element-063682e elementor-align-center elementor-mobile-align-center elementor-widget elementor-widget-button\" data-id=\"063682e\" data-element_type=\"widget\" data-widget_type=\"button.default\">\n\t\t\t\t<div class=\"elementor-widget-container\">\n\t\t\t\t\t\t\t\t\t<div class=\"elementor-button-wrapper\">\n\t\t\t\t\t<a class=\"elementor-button elementor-size-sm\" role=\"button\">\n\t\t\t\t\t\t<span class=\"elementor-button-content-wrapper\">\n\t\t\t\t\t\t\t\t\t<span class=\"elementor-button-text\">Formulario de inscripci\u00f3n<\/span>\n\t\t\t\t\t<\/span>\n\t\t\t\t\t<\/a>\n\t\t\t\t<\/div>\n\t\t\t\t\t\t\t\t<\/div>\n\t\t\t\t<\/div>\n\t\t\t\t\t<\/div>\n\t\t<\/div>\n\t\t\t\t\t<\/div>\n\t\t<\/section>\n\t\t\t\t<div class=\"elementor-element elementor-element-5a1ea730 elementor-widget elementor-widget-text-editor\" data-id=\"5a1ea730\" data-element_type=\"widget\" data-widget_type=\"text-editor.default\">\n\t\t\t\t<div class=\"elementor-widget-container\">\n\t\t\t\t\t\t\t\t\t<p>El objetivo de estas audiciones es seleccionar nuevas voces para la bolsa de cantantes y solistas del Bach Collegium Barcelona.<\/p>\n\t\t\t\t\t\t\t\t<\/div>\n\t\t\t\t<\/div>\n\t\t\t\t<div class=\"elementor-element elementor-element-8287ec9 elementor-widget elementor-widget-accordion\" data-id=\"8287ec9\" data-element_type=\"widget\" data-widget_type=\"accordion.default\">\n\t\t\t\t<div class=\"elementor-widget-container\">\n\t\t\t\t\t\t\t<div class=\"elementor-accordion\">\n\t\t\t\t\t\t\t<div class=\"elementor-accordion-item\">\n\t\t\t\t\t<div id=\"elementor-tab-title-1361\" class=\"elementor-tab-title\" data-tab=\"1\" role=\"button\" aria-controls=\"elementor-tab-content-1361\" aria-expanded=\"false\">\n\t\t\t\t\t\t\t\t\t\t\t\t\t<span class=\"elementor-accordion-icon elementor-accordion-icon-left\" aria-hidden=\"true\">\n\t\t\t\t\t\t\t\t\t\t\t\t\t\t\t<span class=\"elementor-accordion-icon-closed\"><i class=\"fas fa-plus\"><\/i><\/span>\n\t\t\t\t\t\t\t\t<span class=\"elementor-accordion-icon-opened\"><i class=\"fas fa-minus\"><\/i><\/span>\n\t\t\t\t\t\t\t\t\t\t\t\t\t\t<\/span>\n\t\t\t\t\t\t\t\t\t\t\t\t<a class=\"elementor-accordion-title\" tabindex=\"0\">Informaci\u00f3n de la convocatoria<\/a>\n\t\t\t\t\t<\/div>\n\t\t\t\t\t<div id=\"elementor-tab-content-1361\" class=\"elementor-tab-content elementor-clearfix\" data-tab=\"1\" role=\"region\" aria-labelledby=\"elementor-tab-title-1361\"><p>Desde <strong>Bach Collegium Barcelona<\/strong> tenemos la voluntad de audicionar regularmente cantantes de entre 18 y 60 a\u00f1os que quieran formar parte de la plantilla de nuestro coraz\u00f3n.<\/p>\n<p><b>Todas las producciones de BCB son profesionales y remuneradas.<\/b> En cada una de las producciones que proponemos, la plantilla de cantantes es flexible, incorporando un n\u00famero determinado de cantantes en funci\u00f3n de las caracter\u00edsticas de la obra, el espacio, y la voluntad art\u00edstica de la producci\u00f3n. De este modo, nuestra plantilla no est\u00e1 cerrada, sino que se adapta a todo tipo de producciones.<\/p>\n<p>Uno de los rasgos identificativos del Bach Collegium Barcelona es el hecho de que <b>los solistas no son externos al coraz\u00f3n, sino que forman parte, y asumen las arias e intervenciones solistas que requieran las obras interpretadas.<\/b> Aquest plantejament fa que en un sol concert hi puguin tenir pres\u00e8ncia un nombre de solistes m\u00e9s elevat de l\u2019habitual.<\/p>\n<p><b>Per\u00edode d\u2019inscripci\u00f3 online<\/b>: Pr\u00f2ximament<br \/><b><br \/>Audicions presencials<\/b>: Pr\u00f2ximament<\/p>\n<p><b>En los d\u00edas posteriores al cierre del periodo de inscripci\u00f3n online, se contactar\u00e1 a los candidatos y candidatas para comunicarles si han pasado a la segunda fase presencial de la audici\u00f3n.<\/b><\/p>\n<\/div>\n\t\t\t\t<\/div>\n\t\t\t\t\t\t\t<div class=\"elementor-accordion-item\">\n\t\t\t\t\t<div id=\"elementor-tab-title-1362\" class=\"elementor-tab-title\" data-tab=\"2\" role=\"button\" aria-controls=\"elementor-tab-content-1362\" aria-expanded=\"false\">\n\t\t\t\t\t\t\t\t\t\t\t\t\t<span class=\"elementor-accordion-icon elementor-accordion-icon-left\" aria-hidden=\"true\">\n\t\t\t\t\t\t\t\t\t\t\t\t\t\t\t<span class=\"elementor-accordion-icon-closed\"><i class=\"fas fa-plus\"><\/i><\/span>\n\t\t\t\t\t\t\t\t<span class=\"elementor-accordion-icon-opened\"><i class=\"fas fa-minus\"><\/i><\/span>\n\t\t\t\t\t\t\t\t\t\t\t\t\t\t<\/span>\n\t\t\t\t\t\t\t\t\t\t\t\t<a class=\"elementor-accordion-title\" tabindex=\"0\">Requisitos para la selecci\u00f3n<\/a>\n\t\t\t\t\t<\/div>\n\t\t\t\t\t<div id=\"elementor-tab-content-1362\" class=\"elementor-tab-content elementor-clearfix\" data-tab=\"2\" role=\"region\" aria-labelledby=\"elementor-tab-title-1362\"><p dir=\"ltr\"><b>Fase I: Inscripci\u00f3n online<\/b><\/p>\n<ul>\n<li dir=\"ltr\">Data: Pr\u00f2ximament<\/li>\n<li dir=\"ltr\">En esta fase, los candidatos y candidatas deber\u00e1n enviar su informaci\u00f3n personal y profesional, su curr\u00edculum profesional y art\u00edstico, adem\u00e1s de una grabaci\u00f3n en v\u00eddeo (opcional), a trav\u00e9s del formulario de inscripci\u00f3n.<\/li>\n<li dir=\"ltr\">M\u00fasica para las inscripciones:\n<ul>\n<li dir=\"ltr\">Cualquier aria o pieza solista de estilo lied u oratorio en v\u00eddeo. Es preferible no enviar arias de \u00f3pera posteriores 1850.<\/li>\n<li dir=\"ltr\">El v\u00eddeo debe ser reciente, debe haber sido grabado en 2021<\/li>\n<\/ul>\n<\/li>\n<li dir=\"ltr\"><span style=\"font-size: 16px;\"><b>IMPORTANTE<\/b>: la grabaci\u00f3n de v\u00eddeo es opcional, aunque s\u00f3lo se considerar\u00e1n para rol solista los candidatos y candidatas que hayan incorporado un v\u00eddeo a su solicitud.<\/span><\/li>\n<li dir=\"ltr\">\n<p dir=\"ltr\">En esta fase, en caso de que las inscripciones sea seleccionada, el candidato o candidata ser\u00e1 invitado a hacer una audici\u00f3n presencial evaluada por el equipo art\u00edstico de Bach Collegium Barcelona. La audici\u00f3n consistir\u00e1 en una primera parte como solista y una segunda en cuarteto vocal (ver Repertorio). Las candidaturas ser\u00e1n evaluadas seg\u00fan criterios musicales de calidad e idoneidad a los proyectos del Bach Collegium Barcelona,<\/p>\n<\/li>\n<\/ul>\n<p dir=\"ltr\"><b>Fase II: Audiciones presenciales<\/b><\/p>\n<ul>\n<li dir=\"ltr\">Data: Pr\u00f2ximament<\/li>\n<li dir=\"ltr\">Lugar: Barcelona<\/li>\n<li dir=\"ltr\">Duraci\u00f3n: 15 minuts<\/li>\n<li dir=\"ltr\">Diapas\u00f3n: 415Hz<\/li>\n<li dir=\"ltr\">Repertorista: a cargo de la organizaci\u00f3n<\/li>\n<li dir=\"ltr\">M\u00fasica para las audiciones presenciales:\n<ul>\n<li dir=\"ltr\">Parte solista: Cualquier a de una cantata de J.S. Bach en lengua alemana. Esta parte es obligatoria para aquellos candidatos o candidatas que quieran ser considerados para rol solista.<\/li>\n<li dir=\"ltr\"><span style=\"font-size: 16px;\">Part en quartet vocal: Pr\u00f2ximament<\/span><\/li>\n<\/ul>\n<\/li>\n<\/ul>\n<\/div>\n\t\t\t\t<\/div>\n\t\t\t\t\t\t\t\t<\/div>\n\t\t\t\t\t\t<\/div>\n\t\t\t\t<\/div>\n\t\t\t\t<div class=\"elementor-element elementor-element-52a0180 elementor-widget elementor-widget-heading\" data-id=\"52a0180\" data-element_type=\"widget\" data-widget_type=\"heading.default\">\n\t\t\t\t<div class=\"elementor-widget-container\">\n\t\t\t\t\t<h2 class=\"elementor-heading-title elementor-size-default\">Preguntas frecuentes (FAQs)<\/h2>\t\t\t\t<\/div>\n\t\t\t\t<\/div>\n\t\t\t\t<div class=\"elementor-element elementor-element-22e00ab elementor-widget elementor-widget-accordion\" data-id=\"22e00ab\" data-element_type=\"widget\" data-widget_type=\"accordion.default\">\n\t\t\t\t<div class=\"elementor-widget-container\">\n\t\t\t\t\t\t\t<div class=\"elementor-accordion\">\n\t\t\t\t\t\t\t<div class=\"elementor-accordion-item\">\n\t\t\t\t\t<div id=\"elementor-tab-title-3651\" class=\"elementor-tab-title\" data-tab=\"1\" role=\"button\" aria-controls=\"elementor-tab-content-3651\" aria-expanded=\"false\">\n\t\t\t\t\t\t\t\t\t\t\t\t\t<span class=\"elementor-accordion-icon elementor-accordion-icon-left\" aria-hidden=\"true\">\n\t\t\t\t\t\t\t\t\t\t\t\t\t\t\t<span class=\"elementor-accordion-icon-closed\"><i class=\"fas fa-plus\"><\/i><\/span>\n\t\t\t\t\t\t\t\t<span class=\"elementor-accordion-icon-opened\"><i class=\"fas fa-minus\"><\/i><\/span>\n\t\t\t\t\t\t\t\t\t\t\t\t\t\t<\/span>\n\t\t\t\t\t\t\t\t\t\t\t\t<a class=\"elementor-accordion-title\" tabindex=\"0\">Bach Collegium Barcelona es un coro profesional?<\/a>\n\t\t\t\t\t<\/div>\n\t\t\t\t\t<div id=\"elementor-tab-content-3651\" class=\"elementor-tab-content elementor-clearfix\" data-tab=\"1\" role=\"region\" aria-labelledby=\"elementor-tab-title-3651\"><p>S\u00ed, es un coro profesional especializado en m\u00fasica antigua. Todas las producciones son remuneradas, tanto para cantantes como para solistas.<\/p>\n<\/div>\n\t\t\t\t<\/div>\n\t\t\t\t\t\t\t<div class=\"elementor-accordion-item\">\n\t\t\t\t\t<div id=\"elementor-tab-title-3652\" class=\"elementor-tab-title\" data-tab=\"2\" role=\"button\" aria-controls=\"elementor-tab-content-3652\" aria-expanded=\"false\">\n\t\t\t\t\t\t\t\t\t\t\t\t\t<span class=\"elementor-accordion-icon elementor-accordion-icon-left\" aria-hidden=\"true\">\n\t\t\t\t\t\t\t\t\t\t\t\t\t\t\t<span class=\"elementor-accordion-icon-closed\"><i class=\"fas fa-plus\"><\/i><\/span>\n\t\t\t\t\t\t\t\t<span class=\"elementor-accordion-icon-opened\"><i class=\"fas fa-minus\"><\/i><\/span>\n\t\t\t\t\t\t\t\t\t\t\t\t\t\t<\/span>\n\t\t\t\t\t\t\t\t\t\t\t\t<a class=\"elementor-accordion-title\" tabindex=\"0\">Quiero ser considerado como solista, \u00bfqu\u00e9 debo hacer?<\/a>\n\t\t\t\t\t<\/div>\n\t\t\t\t\t<div id=\"elementor-tab-content-3652\" class=\"elementor-tab-content elementor-clearfix\" data-tab=\"2\" role=\"region\" aria-labelledby=\"elementor-tab-title-3652\"><p>Si quieres ser considerado como rol de solista, por un lado tienes que incorporar una grabaci\u00f3n en tu solicitud. Adem\u00e1s, en caso de pasar a la fase presencial, deber\u00e1s cantar cualquier a de una cantata de J.S. Bach en lengua alemana.<\/p>\n<\/div>\n\t\t\t\t<\/div>\n\t\t\t\t\t\t\t<div class=\"elementor-accordion-item\">\n\t\t\t\t\t<div id=\"elementor-tab-title-3653\" class=\"elementor-tab-title\" data-tab=\"3\" role=\"button\" aria-controls=\"elementor-tab-content-3653\" aria-expanded=\"false\">\n\t\t\t\t\t\t\t\t\t\t\t\t\t<span class=\"elementor-accordion-icon elementor-accordion-icon-left\" aria-hidden=\"true\">\n\t\t\t\t\t\t\t\t\t\t\t\t\t\t\t<span class=\"elementor-accordion-icon-closed\"><i class=\"fas fa-plus\"><\/i><\/span>\n\t\t\t\t\t\t\t\t<span class=\"elementor-accordion-icon-opened\"><i class=\"fas fa-minus\"><\/i><\/span>\n\t\t\t\t\t\t\t\t\t\t\t\t\t\t<\/span>\n\t\t\t\t\t\t\t\t\t\t\t\t<a class=\"elementor-accordion-title\" tabindex=\"0\">\u00bfHay l\u00edmite de edad para inscribirme en las audiciones?<\/a>\n\t\t\t\t\t<\/div>\n\t\t\t\t\t<div id=\"elementor-tab-content-3653\" class=\"elementor-tab-content elementor-clearfix\" data-tab=\"3\" role=\"region\" aria-labelledby=\"elementor-tab-title-3653\"><p>No, te puedes inscribir tengas la edad que tengas. Orientativamente el margen de edad se comprende entre los 18 y los 60 a\u00f1os.<\/p>\n<\/div>\n\t\t\t\t<\/div>\n\t\t\t\t\t\t\t<div class=\"elementor-accordion-item\">\n\t\t\t\t\t<div id=\"elementor-tab-title-3654\" class=\"elementor-tab-title\" data-tab=\"4\" role=\"button\" aria-controls=\"elementor-tab-content-3654\" aria-expanded=\"false\">\n\t\t\t\t\t\t\t\t\t\t\t\t\t<span class=\"elementor-accordion-icon elementor-accordion-icon-left\" aria-hidden=\"true\">\n\t\t\t\t\t\t\t\t\t\t\t\t\t\t\t<span class=\"elementor-accordion-icon-closed\"><i class=\"fas fa-plus\"><\/i><\/span>\n\t\t\t\t\t\t\t\t<span class=\"elementor-accordion-icon-opened\"><i class=\"fas fa-minus\"><\/i><\/span>\n\t\t\t\t\t\t\t\t\t\t\t\t\t\t<\/span>\n\t\t\t\t\t\t\t\t\t\t\t\t<a class=\"elementor-accordion-title\" tabindex=\"0\">\u00bfC\u00f3mo tengo que enviar el v\u00eddeo?<\/a>\n\t\t\t\t\t<\/div>\n\t\t\t\t\t<div id=\"elementor-tab-content-3654\" class=\"elementor-tab-content elementor-clearfix\" data-tab=\"4\" role=\"region\" aria-labelledby=\"elementor-tab-title-3654\"><p>Los v\u00eddeos se tienen que subir a Youtube o en Vimeo y nos tienes que enviar el link. Si no quieres que el v\u00eddeo sea p\u00fablico, puedes ponerlo como no visible (UNLISTED), pero no como privado con contrase\u00f1a.<\/p>\n<\/div>\n\t\t\t\t<\/div>\n\t\t\t\t\t\t\t<div class=\"elementor-accordion-item\">\n\t\t\t\t\t<div id=\"elementor-tab-title-3655\" class=\"elementor-tab-title\" data-tab=\"5\" role=\"button\" aria-controls=\"elementor-tab-content-3655\" aria-expanded=\"false\">\n\t\t\t\t\t\t\t\t\t\t\t\t\t<span class=\"elementor-accordion-icon elementor-accordion-icon-left\" aria-hidden=\"true\">\n\t\t\t\t\t\t\t\t\t\t\t\t\t\t\t<span class=\"elementor-accordion-icon-closed\"><i class=\"fas fa-plus\"><\/i><\/span>\n\t\t\t\t\t\t\t\t<span class=\"elementor-accordion-icon-opened\"><i class=\"fas fa-minus\"><\/i><\/span>\n\t\t\t\t\t\t\t\t\t\t\t\t\t\t<\/span>\n\t\t\t\t\t\t\t\t\t\t\t\t<a class=\"elementor-accordion-title\" tabindex=\"0\">\u00bfPuedo enviar un v\u00eddeo antiguo?<\/a>\n\t\t\t\t\t<\/div>\n\t\t\t\t\t<div id=\"elementor-tab-content-3655\" class=\"elementor-tab-content elementor-clearfix\" data-tab=\"5\" role=\"region\" aria-labelledby=\"elementor-tab-title-3655\"><p>No, pedimos que los v\u00eddeo sea grabado este 2021, no antes.<\/p>\n<\/div>\n\t\t\t\t<\/div>\n\t\t\t\t\t\t\t<div class=\"elementor-accordion-item\">\n\t\t\t\t\t<div id=\"elementor-tab-title-3656\" class=\"elementor-tab-title\" data-tab=\"6\" role=\"button\" aria-controls=\"elementor-tab-content-3656\" aria-expanded=\"false\">\n\t\t\t\t\t\t\t\t\t\t\t\t\t<span class=\"elementor-accordion-icon elementor-accordion-icon-left\" aria-hidden=\"true\">\n\t\t\t\t\t\t\t\t\t\t\t\t\t\t\t<span class=\"elementor-accordion-icon-closed\"><i class=\"fas fa-plus\"><\/i><\/span>\n\t\t\t\t\t\t\t\t<span class=\"elementor-accordion-icon-opened\"><i class=\"fas fa-minus\"><\/i><\/span>\n\t\t\t\t\t\t\t\t\t\t\t\t\t\t<\/span>\n\t\t\t\t\t\t\t\t\t\t\t\t<a class=\"elementor-accordion-title\" tabindex=\"0\">\u00bfC\u00f3mo tengo que enviar los documentos?<\/a>\n\t\t\t\t\t<\/div>\n\t\t\t\t\t<div id=\"elementor-tab-content-3656\" class=\"elementor-tab-content elementor-clearfix\" data-tab=\"6\" role=\"region\" aria-labelledby=\"elementor-tab-title-3656\"><p>El curr\u00edculum profesional y art\u00edstico se adjuntar\u00e1 al formulario en formato PDF.<\/p>\n<\/div>\n\t\t\t\t<\/div>\n\t\t\t\t\t\t\t<div class=\"elementor-accordion-item\">\n\t\t\t\t\t<div id=\"elementor-tab-title-3657\" class=\"elementor-tab-title\" data-tab=\"7\" role=\"button\" aria-controls=\"elementor-tab-content-3657\" aria-expanded=\"false\">\n\t\t\t\t\t\t\t\t\t\t\t\t\t<span class=\"elementor-accordion-icon elementor-accordion-icon-left\" aria-hidden=\"true\">\n\t\t\t\t\t\t\t\t\t\t\t\t\t\t\t<span class=\"elementor-accordion-icon-closed\"><i class=\"fas fa-plus\"><\/i><\/span>\n\t\t\t\t\t\t\t\t<span class=\"elementor-accordion-icon-opened\"><i class=\"fas fa-minus\"><\/i><\/span>\n\t\t\t\t\t\t\t\t\t\t\t\t\t\t<\/span>\n\t\t\t\t\t\t\t\t\t\t\t\t<a class=\"elementor-accordion-title\" tabindex=\"0\">Puc fer les audicions en format online o virtual?<\/a>\n\t\t\t\t\t<\/div>\n\t\t\t\t\t<div id=\"elementor-tab-content-3657\" class=\"elementor-tab-content elementor-clearfix\" data-tab=\"7\" role=\"region\" aria-labelledby=\"elementor-tab-title-3657\"><p>No, malauradament les audicions s\u00f3n presencials i nom\u00e9s es consideraran els candidats o candidates que puguin assistir a la convocat\u00f2ria del dia 12 de juny.<\/p>\n<\/div>\n\t\t\t\t<\/div>\n\t\t\t\t\t\t\t<div class=\"elementor-accordion-item\">\n\t\t\t\t\t<div id=\"elementor-tab-title-3658\" class=\"elementor-tab-title\" data-tab=\"8\" role=\"button\" aria-controls=\"elementor-tab-content-3658\" aria-expanded=\"false\">\n\t\t\t\t\t\t\t\t\t\t\t\t\t<span class=\"elementor-accordion-icon elementor-accordion-icon-left\" aria-hidden=\"true\">\n\t\t\t\t\t\t\t\t\t\t\t\t\t\t\t<span class=\"elementor-accordion-icon-closed\"><i class=\"fas fa-plus\"><\/i><\/span>\n\t\t\t\t\t\t\t\t<span class=\"elementor-accordion-icon-opened\"><i class=\"fas fa-minus\"><\/i><\/span>\n\t\t\t\t\t\t\t\t\t\t\t\t\t\t<\/span>\n\t\t\t\t\t\t\t\t\t\t\t\t<a class=\"elementor-accordion-title\" tabindex=\"0\">\u00bfPag\u00e1is los gastos para hacer las audiciones?<\/a>\n\t\t\t\t\t<\/div>\n\t\t\t\t\t<div id=\"elementor-tab-content-3658\" class=\"elementor-tab-content elementor-clearfix\" data-tab=\"8\" role=\"region\" aria-labelledby=\"elementor-tab-title-3658\"><p>No, los gastos del viaje para las audiciones corren a cargo del candidato o candidata, independientemente de que el candidato o candidata sea seleccionado o que la plaza no acabe siendo cubierta.<\/p>\n<\/div>\n\t\t\t\t<\/div>\n\t\t\t\t\t\t\t<div class=\"elementor-accordion-item\">\n\t\t\t\t\t<div id=\"elementor-tab-title-3659\" class=\"elementor-tab-title\" data-tab=\"9\" role=\"button\" aria-controls=\"elementor-tab-content-3659\" aria-expanded=\"false\">\n\t\t\t\t\t\t\t\t\t\t\t\t\t<span class=\"elementor-accordion-icon elementor-accordion-icon-left\" aria-hidden=\"true\">\n\t\t\t\t\t\t\t\t\t\t\t\t\t\t\t<span class=\"elementor-accordion-icon-closed\"><i class=\"fas fa-plus\"><\/i><\/span>\n\t\t\t\t\t\t\t\t<span class=\"elementor-accordion-icon-opened\"><i class=\"fas fa-minus\"><\/i><\/span>\n\t\t\t\t\t\t\t\t\t\t\t\t\t\t<\/span>\n\t\t\t\t\t\t\t\t\t\t\t\t<a class=\"elementor-accordion-title\" tabindex=\"0\">\u00bfTengo que llevar mi pianista \/ repertorista a la audici\u00f3n presencial?<\/a>\n\t\t\t\t\t<\/div>\n\t\t\t\t\t<div id=\"elementor-tab-content-3659\" class=\"elementor-tab-content elementor-clearfix\" data-tab=\"9\" role=\"region\" aria-labelledby=\"elementor-tab-title-3659\"><p>El espacio de la audici\u00f3n dispondr\u00e1 de un clavic\u00e9mbalo. Los candidatos y candidatas tendr\u00e1n a disposici\u00f3n un repertorista, que los podr\u00e1 acompa\u00f1ar con un clavic\u00e9mbalo afinado a 415Hz. Si el candidato o candidata lo prefiere, puede asistir a la audici\u00f3n con el repertorista que desee para acompa\u00f1arlo en el aria solista.<\/p>\n<\/div>\n\t\t\t\t<\/div>\n\t\t\t\t\t\t\t<div class=\"elementor-accordion-item\">\n\t\t\t\t\t<div id=\"elementor-tab-title-36510\" class=\"elementor-tab-title\" data-tab=\"10\" role=\"button\" aria-controls=\"elementor-tab-content-36510\" aria-expanded=\"false\">\n\t\t\t\t\t\t\t\t\t\t\t\t\t<span class=\"elementor-accordion-icon elementor-accordion-icon-left\" aria-hidden=\"true\">\n\t\t\t\t\t\t\t\t\t\t\t\t\t\t\t<span class=\"elementor-accordion-icon-closed\"><i class=\"fas fa-plus\"><\/i><\/span>\n\t\t\t\t\t\t\t\t<span class=\"elementor-accordion-icon-opened\"><i class=\"fas fa-minus\"><\/i><\/span>\n\t\t\t\t\t\t\t\t\t\t\t\t\t\t<\/span>\n\t\t\t\t\t\t\t\t\t\t\t\t<a class=\"elementor-accordion-title\" tabindex=\"0\">\u00bfQu\u00e9 debo llevar el d\u00eda de las audiciones?<\/a>\n\t\t\t\t\t<\/div>\n\t\t\t\t\t<div id=\"elementor-tab-content-36510\" class=\"elementor-tab-content elementor-clearfix\" data-tab=\"10\" role=\"region\" aria-labelledby=\"elementor-tab-title-36510\"><p>No es necesario que lleves copias de la obra libre que cantar\u00e1s. Previamente a la audici\u00f3n, deber\u00e1s enviar la partitura en formato digital en la edici\u00f3n que usar\u00e1s.<\/p>\n<\/div>\n\t\t\t\t<\/div>\n\t\t\t\t\t\t\t<div class=\"elementor-accordion-item\">\n\t\t\t\t\t<div id=\"elementor-tab-title-36511\" class=\"elementor-tab-title\" data-tab=\"11\" role=\"button\" aria-controls=\"elementor-tab-content-36511\" aria-expanded=\"false\">\n\t\t\t\t\t\t\t\t\t\t\t\t\t<span class=\"elementor-accordion-icon elementor-accordion-icon-left\" aria-hidden=\"true\">\n\t\t\t\t\t\t\t\t\t\t\t\t\t\t\t<span class=\"elementor-accordion-icon-closed\"><i class=\"fas fa-plus\"><\/i><\/span>\n\t\t\t\t\t\t\t\t<span class=\"elementor-accordion-icon-opened\"><i class=\"fas fa-minus\"><\/i><\/span>\n\t\t\t\t\t\t\t\t\t\t\t\t\t\t<\/span>\n\t\t\t\t\t\t\t\t\t\t\t\t<a class=\"elementor-accordion-title\" tabindex=\"0\">\u00bfTienes m\u00e1s preguntas?<\/a>\n\t\t\t\t\t<\/div>\n\t\t\t\t\t<div id=\"elementor-tab-content-36511\" class=\"elementor-tab-content elementor-clearfix\" data-tab=\"11\" role=\"region\" aria-labelledby=\"elementor-tab-title-36511\"><p>Nos puedes contactar a: contacte@bachcollegiumbarcelona.com<\/p>\n<\/div>\n\t\t\t\t<\/div>\n\t\t\t\t\t\t\t\t\t\t<script type=\"application\/ld+json\">{\"@context\":\"https:\\\/\\\/schema.org\",\"@type\":\"FAQPage\",\"mainEntity\":[{\"@type\":\"Question\",\"name\":\"Bach Collegium Barcelona es un coro profesional?\",\"acceptedAnswer\":{\"@type\":\"Answer\",\"text\":\"<p>S\\u00ed, es un coro profesional especializado en m\\u00fasica antigua. Todas las producciones son remuneradas, tanto para cantantes como para solistas.<\\\/p>\\n\"}},{\"@type\":\"Question\",\"name\":\"Quiero ser considerado como solista, \\u00bfqu\\u00e9 debo hacer?\",\"acceptedAnswer\":{\"@type\":\"Answer\",\"text\":\"<p>Si quieres ser considerado como rol de solista, por un lado tienes que incorporar una grabaci\\u00f3n en tu solicitud. Adem\\u00e1s, en caso de pasar a la fase presencial, deber\\u00e1s cantar cualquier a de una cantata de J.S. Bach en lengua alemana.<\\\/p>\\n\"}},{\"@type\":\"Question\",\"name\":\"\\u00bfHay l\\u00edmite de edad para inscribirme en las audiciones?\",\"acceptedAnswer\":{\"@type\":\"Answer\",\"text\":\"<p>No, te puedes inscribir tengas la edad que tengas. Orientativamente el margen de edad se comprende entre los 18 y los 60 a\\u00f1os.<\\\/p>\\n\"}},{\"@type\":\"Question\",\"name\":\"\\u00bfC\\u00f3mo tengo que enviar el v\\u00eddeo?\",\"acceptedAnswer\":{\"@type\":\"Answer\",\"text\":\"<p>Los v\\u00eddeos se tienen que subir a Youtube o en Vimeo y nos tienes que enviar el link. Si no quieres que el v\\u00eddeo sea p\\u00fablico, puedes ponerlo como no visible (UNLISTED), pero no como privado con contrase\\u00f1a.<\\\/p>\\n\"}},{\"@type\":\"Question\",\"name\":\"\\u00bfPuedo enviar un v\\u00eddeo antiguo?\",\"acceptedAnswer\":{\"@type\":\"Answer\",\"text\":\"<p>No, pedimos que los v\\u00eddeo sea grabado este 2021, no antes.<\\\/p>\\n\"}},{\"@type\":\"Question\",\"name\":\"\\u00bfC\\u00f3mo tengo que enviar los documentos?\",\"acceptedAnswer\":{\"@type\":\"Answer\",\"text\":\"<p>El curr\\u00edculum profesional y art\\u00edstico se adjuntar\\u00e1 al formulario en formato PDF.<\\\/p>\\n\"}},{\"@type\":\"Question\",\"name\":\"Puc fer les audicions en format online o virtual?\",\"acceptedAnswer\":{\"@type\":\"Answer\",\"text\":\"<p>No, malauradament les audicions s\\u00f3n presencials i nom\\u00e9s es consideraran els candidats o candidates que puguin assistir a la convocat\\u00f2ria del dia 12 de juny.<\\\/p>\\n\"}},{\"@type\":\"Question\",\"name\":\"\\u00bfPag\\u00e1is los gastos para hacer las audiciones?\",\"acceptedAnswer\":{\"@type\":\"Answer\",\"text\":\"<p>No, los gastos del viaje para las audiciones corren a cargo del candidato o candidata, independientemente de que el candidato o candidata sea seleccionado o que la plaza no acabe siendo cubierta.<\\\/p>\\n\"}},{\"@type\":\"Question\",\"name\":\"\\u00bfTengo que llevar mi pianista \\\/ repertorista a la audici\\u00f3n presencial?\",\"acceptedAnswer\":{\"@type\":\"Answer\",\"text\":\"<p>El espacio de la audici\\u00f3n dispondr\\u00e1 de un clavic\\u00e9mbalo. Los candidatos y candidatas tendr\\u00e1n a disposici\\u00f3n un repertorista, que los podr\\u00e1 acompa\\u00f1ar con un clavic\\u00e9mbalo afinado a 415Hz. Si el candidato o candidata lo prefiere, puede asistir a la audici\\u00f3n con el repertorista que desee para acompa\\u00f1arlo en el aria solista.<\\\/p>\\n\"}},{\"@type\":\"Question\",\"name\":\"\\u00bfQu\\u00e9 debo llevar el d\\u00eda de las audiciones?\",\"acceptedAnswer\":{\"@type\":\"Answer\",\"text\":\"<p>No es necesario que lleves copias de la obra libre que cantar\\u00e1s. Previamente a la audici\\u00f3n, deber\\u00e1s enviar la partitura en formato digital en la edici\\u00f3n que usar\\u00e1s.<\\\/p>\\n\"}},{\"@type\":\"Question\",\"name\":\"\\u00bfTienes m\\u00e1s preguntas?\",\"acceptedAnswer\":{\"@type\":\"Answer\",\"text\":\"<p>Nos puedes contactar a: contacte@bachcollegiumbarcelona.com<\\\/p>\\n\"}}]}<\/script>\n\t\t\t\t\t<\/div>\n\t\t\t\t\t\t<\/div>\n\t\t\t\t<\/div>\n\t\t\t\t\t<\/div>\n\t\t<\/div>\n\t\t\t\t<div class=\"elementor-column elementor-col-50 elementor-top-column elementor-element elementor-element-3e41be95 elementor-hidden-tablet elementor-hidden-phone\" data-id=\"3e41be95\" data-element_type=\"column\">\n\t\t\t<div class=\"elementor-widget-wrap elementor-element-populated\">\n\t\t\t\t\t\t<section class=\"elementor-section elementor-inner-section elementor-element elementor-element-684bd66 elementor-section-boxed elementor-section-height-default elementor-section-height-default\" data-id=\"684bd66\" data-element_type=\"section\" data-settings=\"{&quot;sticky&quot;:&quot;top&quot;,&quot;sticky_offset&quot;:100,&quot;sticky_parent&quot;:&quot;yes&quot;,&quot;sticky_on&quot;:[&quot;desktop&quot;,&quot;tablet&quot;,&quot;mobile&quot;],&quot;sticky_effects_offset&quot;:0,&quot;sticky_anchor_link_offset&quot;:0}\">\n\t\t\t\t\t\t<div class=\"elementor-container elementor-column-gap-default\">\n\t\t\t\t\t<div class=\"elementor-column elementor-col-100 elementor-inner-column elementor-element elementor-element-648f33e\" data-id=\"648f33e\" data-element_type=\"column\">\n\t\t\t<div class=\"elementor-widget-wrap elementor-element-populated\">\n\t\t\t\t\t\t<div class=\"elementor-element elementor-element-ea2b117 elementor-widget elementor-widget-heading\" data-id=\"ea2b117\" data-element_type=\"widget\" data-widget_type=\"heading.default\">\n\t\t\t\t<div class=\"elementor-widget-container\">\n\t\t\t\t\t<h2 class=\"elementor-heading-title elementor-size-default\">Pr\u00f3ximas audiciones<\/h2>\t\t\t\t<\/div>\n\t\t\t\t<\/div>\n\t\t\t\t<div class=\"elementor-element elementor-element-979c12e elementor-align-left elementor-icon-list--layout-traditional elementor-list-item-link-full_width elementor-widget elementor-widget-icon-list\" data-id=\"979c12e\" data-element_type=\"widget\" data-widget_type=\"icon-list.default\">\n\t\t\t\t<div class=\"elementor-widget-container\">\n\t\t\t\t\t\t\t<ul class=\"elementor-icon-list-items\">\n\t\t\t\t\t\t\t<li class=\"elementor-icon-list-item\">\n\t\t\t\t\t\t\t\t\t\t\t<span class=\"elementor-icon-list-icon\">\n\t\t\t\t\t\t\t<i aria-hidden=\"true\" class=\"far fa-calendar-alt\"><\/i>\t\t\t\t\t\t<\/span>\n\t\t\t\t\t\t\t\t\t\t<span class=\"elementor-icon-list-text\">26 de abril 2021 al 30 de mayo 2021<\/span>\n\t\t\t\t\t\t\t\t\t<\/li>\n\t\t\t\t\t\t<\/ul>\n\t\t\t\t\t\t<\/div>\n\t\t\t\t<\/div>\n\t\t\t\t<div class=\"elementor-element elementor-element-defd952 elementor-widget elementor-widget-heading\" data-id=\"defd952\" data-element_type=\"widget\" data-widget_type=\"heading.default\">\n\t\t\t\t<div class=\"elementor-widget-container\">\n\t\t\t\t\t<h2 class=\"elementor-heading-title elementor-size-default\">Per\u00edodo de inscripci\u00f3n online<\/h2>\t\t\t\t<\/div>\n\t\t\t\t<\/div>\n\t\t\t\t<div class=\"elementor-element elementor-element-5e56017 elementor-align-left elementor-icon-list--layout-traditional elementor-list-item-link-full_width elementor-widget elementor-widget-icon-list\" data-id=\"5e56017\" data-element_type=\"widget\" data-widget_type=\"icon-list.default\">\n\t\t\t\t<div class=\"elementor-widget-container\">\n\t\t\t\t\t\t\t<ul class=\"elementor-icon-list-items\">\n\t\t\t\t\t\t\t<li class=\"elementor-icon-list-item\">\n\t\t\t\t\t\t\t\t\t\t\t<span class=\"elementor-icon-list-icon\">\n\t\t\t\t\t\t\t<i aria-hidden=\"true\" class=\"far fa-calendar-alt\"><\/i>\t\t\t\t\t\t<\/span>\n\t\t\t\t\t\t\t\t\t\t<span class=\"elementor-icon-list-text\">26 de abril 2021 al 30 de mayo 2021<\/span>\n\t\t\t\t\t\t\t\t\t<\/li>\n\t\t\t\t\t\t<\/ul>\n\t\t\t\t\t\t<\/div>\n\t\t\t\t<\/div>\n\t\t\t\t<div class=\"elementor-element elementor-element-5db3817 elementor-align-left elementor-widget elementor-widget-button\" data-id=\"5db3817\" data-element_type=\"widget\" data-widget_type=\"button.default\">\n\t\t\t\t<div class=\"elementor-widget-container\">\n\t\t\t\t\t\t\t\t\t<div class=\"elementor-button-wrapper\">\n\t\t\t\t\t<a class=\"elementor-button elementor-size-sm\" role=\"button\">\n\t\t\t\t\t\t<span class=\"elementor-button-content-wrapper\">\n\t\t\t\t\t\t\t\t\t<span class=\"elementor-button-text\">Formulario de inscripci\u00f3n<\/span>\n\t\t\t\t\t<\/span>\n\t\t\t\t\t<\/a>\n\t\t\t\t<\/div>\n\t\t\t\t\t\t\t\t<\/div>\n\t\t\t\t<\/div>\n\t\t\t\t\t<\/div>\n\t\t<\/div>\n\t\t\t\t\t<\/div>\n\t\t<\/section>\n\t\t\t\t\t<\/div>\n\t\t<\/div>\n\t\t\t\t\t<\/div>\n\t\t<\/section>\n\t\t\t\t<\/div>\n\t\t","protected":false},"excerpt":{"rendered":"<p>Convocatoria de audiciones Bach Collegium Barcelona Pr\u00f3ximas audiciones 26 de abril 2021 al 30 de mayo 2021 Per\u00edodo de inscripci\u00f3n online 26 de abril 2021 al 30 de mayo 2021 Formulario de inscripci\u00f3n El objetivo de estas audiciones es seleccionar nuevas voces para la bolsa de cantantes y solistas del Bach Collegium Barcelona. Informaci\u00f3n de [&hellip;]<\/p>\n","protected":false},"author":2,"featured_media":0,"parent":0,"menu_order":0,"comment_status":"closed","ping_status":"closed","template":"elementor_header_footer","meta":{"_acf_changed":false,"site-sidebar-layout":"no-sidebar","site-content-layout":"page-builder","ast-site-content-layout":"","site-content-style":"default","site-sidebar-style":"default","ast-global-header-display":"","ast-banner-title-visibility":"","ast-main-header-display":"","ast-hfb-above-header-display":"","ast-hfb-below-header-display":"","ast-hfb-mobile-header-display":"","site-post-title":"disabled","ast-breadcrumbs-content":"disabled","ast-featured-img":"disabled","footer-sml-layout":"","theme-transparent-header-meta":"default","adv-header-id-meta":"","stick-header-meta":"default","header-above-stick-meta":"","header-main-stick-meta":"","header-below-stick-meta":"","astra-migrate-meta-layouts":"default","ast-page-background-enabled":"default","ast-page-background-meta":{"desktop":{"background-color":"","background-image":"","background-repeat":"repeat","background-position":"center center","background-size":"auto","background-attachment":"scroll","background-type":"","background-media":"","overlay-type":"","overlay-color":"","overlay-opacity":"","overlay-gradient":""},"tablet":{"background-color":"","background-image":"","background-repeat":"repeat","background-position":"center center","background-size":"auto","background-attachment":"scroll","background-type":"","background-media":"","overlay-type":"","overlay-color":"","overlay-opacity":"","overlay-gradient":""},"mobile":{"background-color":"","background-image":"","background-repeat":"repeat","background-position":"center center","background-size":"auto","background-attachment":"scroll","background-type":"","background-media":"","overlay-type":"","overlay-color":"","overlay-opacity":"","overlay-gradient":""}},"ast-content-background-meta":{"desktop":{"background-color":"var(--ast-global-color-5)","background-image":"","background-repeat":"repeat","background-position":"center center","background-size":"auto","background-attachment":"scroll","background-type":"","background-media":"","overlay-type":"","overlay-color":"","overlay-opacity":"","overlay-gradient":""},"tablet":{"background-color":"var(--ast-global-color-5)","background-image":"","background-repeat":"repeat","background-position":"center center","background-size":"auto","background-attachment":"scroll","background-type":"","background-media":"","overlay-type":"","overlay-color":"","overlay-opacity":"","overlay-gradient":""},"mobile":{"background-color":"var(--ast-global-color-5)","background-image":"","background-repeat":"repeat","background-position":"center center","background-size":"auto","background-attachment":"scroll","background-type":"","background-media":"","overlay-type":"","overlay-color":"","overlay-opacity":"","overlay-gradient":""}},"footnotes":""},"class_list":["post-1803","page","type-page","status-publish","hentry"],"acf":[],"_links":{"self":[{"href":"https:\/\/bachcollegiumbarcelona.com\/es\/wp-json\/wp\/v2\/pages\/1803","targetHints":{"allow":["GET"]}}],"collection":[{"href":"https:\/\/bachcollegiumbarcelona.com\/es\/wp-json\/wp\/v2\/pages"}],"about":[{"href":"https:\/\/bachcollegiumbarcelona.com\/es\/wp-json\/wp\/v2\/types\/page"}],"author":[{"embeddable":true,"href":"https:\/\/bachcollegiumbarcelona.com\/es\/wp-json\/wp\/v2\/users\/2"}],"replies":[{"embeddable":true,"href":"https:\/\/bachcollegiumbarcelona.com\/es\/wp-json\/wp\/v2\/comments?post=1803"}],"version-history":[{"count":17,"href":"https:\/\/bachcollegiumbarcelona.com\/es\/wp-json\/wp\/v2\/pages\/1803\/revisions"}],"predecessor-version":[{"id":3054,"href":"https:\/\/bachcollegiumbarcelona.com\/es\/wp-json\/wp\/v2\/pages\/1803\/revisions\/3054"}],"wp:attachment":[{"href":"https:\/\/bachcollegiumbarcelona.com\/es\/wp-json\/wp\/v2\/media?parent=1803"}],"curies":[{"name":"wp","href":"https:\/\/api.w.org\/{rel}","templated":true}]}}